{"id":3905,"date":"2023-01-23T15:54:15","date_gmt":"2023-01-23T20:54:15","guid":{"rendered":"https:\/\/tramwaygatineauottawa.ca\/allumettieres_a-tache\/"},"modified":"2025-10-29T15:20:01","modified_gmt":"2025-10-29T19:20:01","slug":"allumettieres_a-tache","status":"publish","type":"page","link":"https:\/\/tramwaygatineauottawa.ca\/en\/trace\/allumettieres_a-tache\/","title":{"rendered":"Allumetti\u00e8res vs Alexandre-Tach\u00e9"},"content":{"rendered":"\n<div class=\"wp-block-cover alignfull is-light is-style-title-banner\"><img decoding=\"async\" width=\"2560\" height=\"1703\" class=\"wp-block-cover__image-background wp-image-3865 lazyload\" alt=\"\" data-src=\"https:\/\/tramwaygatineauottawa.ca\/wp-content\/uploads\/2023\/01\/kp-220608-STO-tram-018-scaled.jpg\" style=\"--smush-placeholder-width: 2560px; --smush-placeholder-aspect-ratio: 2560\/1703;object-position:67% 74%\" data-object-fit=\"cover\" data-object-position=\"67% 74%\" data-srcset=\"https:\/\/tramwaygatineauottawa.ca\/wp-content\/uploads\/2023\/01\/kp-220608-STO-tram-018-scaled.jpg 2560w, https:\/\/tramwaygatineauottawa.ca\/wp-content\/uploads\/2023\/01\/kp-220608-STO-tram-018-300x200.jpg 300w, https:\/\/tramwaygatineauottawa.ca\/wp-content\/uploads\/2023\/01\/kp-220608-STO-tram-018-1024x681.jpg 1024w, https:\/\/tramwaygatineauottawa.ca\/wp-content\/uploads\/2023\/01\/kp-220608-STO-tram-018-768x511.jpg 768w, https:\/\/tramwaygatineauottawa.ca\/wp-content\/uploads\/2023\/01\/kp-220608-STO-tram-018-1536x1022.jpg 1536w, https:\/\/tramwaygatineauottawa.ca\/wp-content\/uploads\/2023\/01\/kp-220608-STO-tram-018-2048x1363.jpg 2048w\" data-sizes=\"(max-width: 2560px) 100vw, 2560px\" src=\"data:image\/svg+xml;base64,PHN2ZyB3aWR0aD0iMSIgaGVpZ2h0PSIxIiB4bWxucz0iaHR0cDovL3d3dy53My5vcmcvMjAwMC9zdmciPjwvc3ZnPg==\" \/><span aria-hidden=\"true\" class=\"wp-block-cover__background has-background-dim\"><\/span><div class=\"wp-block-cover__inner-container\"><h1 class=\"wp-block-post-title\">Allumetti\u00e8res vs Alexandre-Tach\u00e9<\/h1><\/div><\/div>\n\n\n\n<div class=\"wp-block-group alignfull has-padding-y-large has-accent-background-color has-background\"><div class=\"yoast-breadcrumbs alignwide \"><span class=\"breadcrumbs\"><a href=\"https:\/\/tramwaygatineauottawa.ca\/en\/\" class=\"breadcrumbs__element\">Accueil<\/a> <span class=\"breadcrumbs__separator\">\n        <svg class=\"icon icon-breadcrumb__separator\"><use xlink:href=\"#icon-breadcrumb__separator\"><\/use><\/svg>\n    <\/span> <a href=\"https:\/\/tramwaygatineauottawa.ca\/en\/trace\/\" class=\"breadcrumbs__element\">Circuit<\/a> <span class=\"breadcrumbs__separator\">\n        <svg class=\"icon icon-breadcrumb__separator\"><use xlink:href=\"#icon-breadcrumb__separator\"><\/use><\/svg>\n    <\/span> <span class=\"breadcrumbs__element breadcrumbs__element-current\">Allumetti\u00e8res vs Alexandre-Tach\u00e9<\/span><\/span><\/div><\/div>\n\n\n\n\n<p class=\"act-lead wp-block-paragraph\"><\/p>\n\n\n\n\n<h2 class=\"wp-block-heading alignwide\">Why run the tram along boulevard Alexandre-Tach\u00e9\/Lucerne instead of boulevard des Allumetti\u00e8res?<\/h2>\n\n\n\n<div class=\"wp-block-media-text alignwide is-stacked-on-mobile is-image-fill-element is-style-half-half\"><figure class=\"wp-block-media-text__media\"><img decoding=\"async\" width=\"1024\" height=\"681\" data-src=\"https:\/\/tramwaygatineauottawa.ca\/wp-content\/uploads\/2023\/01\/kp-220608-STO-tram-018-1024x681.jpg\" alt=\"\" class=\"wp-image-3866 size-full lazyload\" style=\"--smush-placeholder-width: 1024px; --smush-placeholder-aspect-ratio: 1024\/681;object-position:54% 94%\" data-srcset=\"https:\/\/tramwaygatineauottawa.ca\/wp-content\/uploads\/2023\/01\/kp-220608-STO-tram-018-1024x681.jpg 1024w, https:\/\/tramwaygatineauottawa.ca\/wp-content\/uploads\/2023\/01\/kp-220608-STO-tram-018-300x200.jpg 300w, https:\/\/tramwaygatineauottawa.ca\/wp-content\/uploads\/2023\/01\/kp-220608-STO-tram-018-768x511.jpg 768w, https:\/\/tramwaygatineauottawa.ca\/wp-content\/uploads\/2023\/01\/kp-220608-STO-tram-018-1536x1022.jpg 1536w, https:\/\/tramwaygatineauottawa.ca\/wp-content\/uploads\/2023\/01\/kp-220608-STO-tram-018-2048x1363.jpg 2048w\" data-sizes=\"(max-width: 1024px) 100vw, 1024px\" src=\"data:image\/svg+xml;base64,PHN2ZyB3aWR0aD0iMSIgaGVpZ2h0PSIxIiB4bWxucz0iaHR0cDovL3d3dy53My5vcmcvMjAwMC9zdmciPjwvc3ZnPg==\" \/><figcaption  class=\"screen-reader-text\">Allumetti\u00e8res vs Alexandre-Tach\u00e9<\/figcaption><\/figure><div class=\"wp-block-media-text__content\">\n<p class=\"wp-block-paragraph\">The complementary study demonstrated that chemin d\u2019Aylmer and boulevard Alexandre-Tach\u00e9\/Lucerne and boulevard du Plateau are the axes most conducive to attracting a large number of users to link Gatineau\u2019s west end to the two downtowns\u2019 activity hubs. The tram\u2019s insertion would also provide the opportunity to redesign the public space along the circuit so as to create an environment amenable to all transportation modes, in particular the active modes.<\/p>\n\n\n\n<p class=\"wp-block-paragraph\">A tram running along boulevard des Allumetti\u00e8res would be too far from the living environments in the west end, which would mean the need for more transfers for riders and more time to reach the downtowns. This would make the circuit less effective and opportune for modal transfer.<\/p>\n<\/div><\/div>\n\n\n\n<div style=\"height:20px\" aria-hidden=\"true\" class=\"wp-block-spacer\"><\/div>\n\n\n\n<div class=\"wp-block-group alignfull has-accent-background-color has-background\">\n<p class=\"wp-block-paragraph\">Running the tram along boulevard des Allumetti\u00e8res east of boulevard Saint-Raymond to boulevard Maisonneuve was considered as a variant of the northern branch to link boulevard du Plateau to downtown Gatineau. However, not only would this not address the issues of proximity to current and future living environments, but it would have a much greater impact on the land and the environment compared to the recommended circuit (i.e. boulevard Tach\u00e9 via bouleverd Saint-Raymond), because:\u202f&nbsp;<\/p>\n\n\n\n<ul class=\"wp-block-list\">\n<li>it would require the acquisition of twice as many lots; and&nbsp;<\/li>\n\n\n\n<li>it would involve 30% more environmental encroachment.\u202f\u202f&nbsp;<\/li>\n<\/ul>\n\n\n\n<p class=\"wp-block-paragraph\">In terms of the common trunk connecting the two axes (north and south) to downtown Gatineau, the tram would pass in front of the main entrance of Universit\u00e9 du Qu\u00e9bec en Outaouais (on the same side as the existing railway right of way) to then run along boulevard Alexandre-Tach\u00e9\/Lucerne in order to avoid having an impact on the built and heritage environment that insertion along boulevard Alexandre-Tach\u00e9 would entail.\u202f\u202f\u202f&nbsp;<\/p>\n\n\n\n<p class=\"wp-block-paragraph\">All things considered, one of the main advantages of the tram is that it will fit perfectly into the urban fabric near residential buildings and the main activity hubs. As a result, it will be accessible to more users who will be within a shorter walking distance from the stations.&nbsp;<\/p>\n<\/div>\n\n\n\n<div class=\"wp-block-group alignfull\">\n<div style=\"height:50px\" aria-hidden=\"true\" class=\"wp-block-spacer\"><\/div>\n\n\n\n<p class=\"has-small-font-size wp-block-paragraph\"><strong><em>Who can view this page?<\/em><\/strong><\/p>\n\n\n\n<p class=\"has-small-font-size wp-block-paragraph\"><em>This content is intended for the public covered by the exceptions of the Charter of the French language and its regulations. If you read on, you confirm that you fall within one of these <a href=\"https:\/\/www.quebec.ca\/en\/government\/policies-orientations\/french-language\/modernization-charter-french-language#c214034\" target=\"_blank\" rel=\"noreferrer noopener\">exceptions<\/a>.<\/em><\/p>\n<\/div>\n","protected":false},"excerpt":{"rendered":"<p>Why run the tram along boulevard Alexandre-Tach\u00e9\/Lucerne instead of boulevard des Allumetti\u00e8res? Allumetti\u00e8res vs Alexandre-Tach\u00e9 The complementary study demonstrated that chemin d\u2019Aylmer and boulevard Alexandre-Tach\u00e9\/Lucerne and boulevard du Plateau are the axes most conducive to attracting a large number of users to link Gatineau\u2019s west end to the two downtowns\u2019 activity hubs. The tram\u2019s insertion would also provide the opportunity to redesign the public space along the circuit so as to create an environment amenable to all transportation modes, in particular the active modes. A tram running along boulevard des Allumetti\u00e8res would be too far from the living environments in the [&hellip;]<\/p>\n","protected":false},"author":5,"featured_media":0,"parent":3910,"menu_order":1,"comment_status":"closed","ping_status":"closed","template":"","meta":{"_acf_changed":false,"_crdt_document":"","inline_featured_image":false,"footnotes":""},"class_list":["post-3905","page","type-page","status-publish","hentry"],"acf":[],"yoast_head":"<!-- This site is optimized with the Yoast SEO plugin v27.4 - https:\/\/yoast.com\/product\/yoast-seo-wordpress\/ -->\n<title>Allumetti\u00e8res vs Alexandre-Tach\u00e9 - Gatineau-Ottawa tram<\/title>\n<meta name=\"robots\" content=\"index, follow, max-snippet:-1, max-image-preview:large, max-video-preview:-1\" \/>\n<link rel=\"canonical\" href=\"https:\/\/tramwaygatineauottawa.ca\/en\/trace\/allumettieres_a-tache\/\" \/>\n<meta property=\"og:locale\" content=\"en_US\" \/>\n<meta property=\"og:type\" content=\"article\" \/>\n<meta property=\"og:title\" content=\"Allumetti\u00e8res vs Alexandre-Tach\u00e9 - Gatineau-Ottawa tram\" \/>\n<meta property=\"og:description\" content=\"Why run the tram along boulevard Alexandre-Tach\u00e9\/Lucerne instead of boulevard des Allumetti\u00e8res? Allumetti\u00e8res vs Alexandre-Tach\u00e9 The complementary study demonstrated that chemin d\u2019Aylmer and boulevard Alexandre-Tach\u00e9\/Lucerne and boulevard du Plateau are the axes most conducive to attracting a large number of users to link Gatineau\u2019s west end to the two downtowns\u2019 activity hubs. The tram\u2019s insertion would also provide the opportunity to redesign the public space along the circuit so as to create an environment amenable to all transportation modes, in particular the active modes. A tram running along boulevard des Allumetti\u00e8res would be too far from the living environments in the [&hellip;]\" \/>\n<meta property=\"og:url\" content=\"https:\/\/tramwaygatineauottawa.ca\/en\/trace\/allumettieres_a-tache\/\" \/>\n<meta property=\"og:site_name\" content=\"Tramway Gatineau-Ottawa\" \/>\n<meta property=\"article:publisher\" content=\"https:\/\/www.facebook.com\/Tramway-Gatineau-Ottawa-108250335274458\" \/>\n<meta property=\"article:modified_time\" content=\"2025-10-29T19:20:01+00:00\" \/>\n<meta property=\"og:image\" content=\"https:\/\/tramwaygatineauottawa.ca\/wp-content\/uploads\/2023\/01\/kp-220608-STO-tram-018-scaled.jpg\" \/>\n\t<meta property=\"og:image:width\" content=\"2560\" \/>\n\t<meta property=\"og:image:height\" content=\"1703\" \/>\n\t<meta property=\"og:image:type\" content=\"image\/jpeg\" \/>\n<meta name=\"twitter:card\" content=\"summary_large_image\" \/>\n<meta name=\"twitter:label1\" content=\"Est. reading time\" \/>\n\t<meta name=\"twitter:data1\" content=\"3 minutes\" \/>\n<script type=\"application\/ld+json\" class=\"yoast-schema-graph\">{\"@context\":\"https:\\\/\\\/schema.org\",\"@graph\":[{\"@type\":\"WebPage\",\"@id\":\"https:\\\/\\\/tramwaygatineauottawa.ca\\\/en\\\/trace\\\/allumettieres_a-tache\\\/\",\"url\":\"https:\\\/\\\/tramwaygatineauottawa.ca\\\/en\\\/trace\\\/allumettieres_a-tache\\\/\",\"name\":\"Allumetti\u00e8res vs Alexandre-Tach\u00e9 - Gatineau-Ottawa tram\",\"isPartOf\":{\"@id\":\"https:\\\/\\\/tramwaygatineauottawa.ca\\\/en\\\/#website\"},\"primaryImageOfPage\":{\"@id\":\"https:\\\/\\\/tramwaygatineauottawa.ca\\\/en\\\/trace\\\/allumettieres_a-tache\\\/#primaryimage\"},\"image\":{\"@id\":\"https:\\\/\\\/tramwaygatineauottawa.ca\\\/en\\\/trace\\\/allumettieres_a-tache\\\/#primaryimage\"},\"thumbnailUrl\":\"https:\\\/\\\/tramwaygatineauottawa.ca\\\/wp-content\\\/uploads\\\/2023\\\/01\\\/kp-220608-STO-tram-018-scaled.jpg\",\"datePublished\":\"2023-01-23T20:54:15+00:00\",\"dateModified\":\"2025-10-29T19:20:01+00:00\",\"breadcrumb\":{\"@id\":\"https:\\\/\\\/tramwaygatineauottawa.ca\\\/en\\\/trace\\\/allumettieres_a-tache\\\/#breadcrumb\"},\"inLanguage\":\"en-CA\",\"potentialAction\":[{\"@type\":\"ReadAction\",\"target\":[\"https:\\\/\\\/tramwaygatineauottawa.ca\\\/en\\\/trace\\\/allumettieres_a-tache\\\/\"]}]},{\"@type\":\"ImageObject\",\"inLanguage\":\"en-CA\",\"@id\":\"https:\\\/\\\/tramwaygatineauottawa.ca\\\/en\\\/trace\\\/allumettieres_a-tache\\\/#primaryimage\",\"url\":\"https:\\\/\\\/tramwaygatineauottawa.ca\\\/wp-content\\\/uploads\\\/2023\\\/01\\\/kp-220608-STO-tram-018-scaled.jpg\",\"contentUrl\":\"https:\\\/\\\/tramwaygatineauottawa.ca\\\/wp-content\\\/uploads\\\/2023\\\/01\\\/kp-220608-STO-tram-018-scaled.jpg\"},{\"@type\":\"BreadcrumbList\",\"@id\":\"https:\\\/\\\/tramwaygatineauottawa.ca\\\/en\\\/trace\\\/allumettieres_a-tache\\\/#breadcrumb\",\"itemListElement\":[{\"@type\":\"ListItem\",\"position\":1,\"name\":\"Accueil\",\"item\":\"https:\\\/\\\/tramwaygatineauottawa.ca\\\/en\\\/\"},{\"@type\":\"ListItem\",\"position\":2,\"name\":\"Circuit\",\"item\":\"https:\\\/\\\/tramwaygatineauottawa.ca\\\/en\\\/trace\\\/\"},{\"@type\":\"ListItem\",\"position\":3,\"name\":\"Allumetti\u00e8res vs Alexandre-Tach\u00e9\"}]},{\"@type\":\"WebSite\",\"@id\":\"https:\\\/\\\/tramwaygatineauottawa.ca\\\/en\\\/#website\",\"url\":\"https:\\\/\\\/tramwaygatineauottawa.ca\\\/en\\\/\",\"name\":\"Tramway Gatineau-Ottawa\",\"description\":\"\",\"publisher\":{\"@id\":\"https:\\\/\\\/tramwaygatineauottawa.ca\\\/en\\\/#organization\"},\"potentialAction\":[{\"@type\":\"SearchAction\",\"target\":{\"@type\":\"EntryPoint\",\"urlTemplate\":\"https:\\\/\\\/tramwaygatineauottawa.ca\\\/en\\\/?s={search_term_string}\"},\"query-input\":{\"@type\":\"PropertyValueSpecification\",\"valueRequired\":true,\"valueName\":\"search_term_string\"}}],\"inLanguage\":\"en-CA\"},{\"@type\":\"Organization\",\"@id\":\"https:\\\/\\\/tramwaygatineauottawa.ca\\\/en\\\/#organization\",\"name\":\"Tramway Gatineau-Ottawa\",\"url\":\"https:\\\/\\\/tramwaygatineauottawa.ca\\\/en\\\/\",\"logo\":{\"@type\":\"ImageObject\",\"inLanguage\":\"en-CA\",\"@id\":\"https:\\\/\\\/tramwaygatineauottawa.ca\\\/en\\\/#\\\/schema\\\/logo\\\/image\\\/\",\"url\":\"https:\\\/\\\/tramwaygatineauottawa.ca\\\/wp-content\\\/uploads\\\/2022\\\/06\\\/Logo.svg\",\"contentUrl\":\"https:\\\/\\\/tramwaygatineauottawa.ca\\\/wp-content\\\/uploads\\\/2022\\\/06\\\/Logo.svg\",\"caption\":\"Tramway Gatineau-Ottawa\"},\"image\":{\"@id\":\"https:\\\/\\\/tramwaygatineauottawa.ca\\\/en\\\/#\\\/schema\\\/logo\\\/image\\\/\"},\"sameAs\":[\"https:\\\/\\\/www.facebook.com\\\/Tramway-Gatineau-Ottawa-108250335274458\",\"https:\\\/\\\/www.youtube.com\\\/channel\\\/UCG-j155C6UYBLFRQM2dieKQ\",\"https:\\\/\\\/www.linkedin.com\\\/company\\\/tramwaygatineauottawa\"]}]}<\/script>\n<!-- \/ Yoast SEO plugin. -->","yoast_head_json":{"title":"Allumetti\u00e8res vs Alexandre-Tach\u00e9 - Gatineau-Ottawa tram","robots":{"index":"index","follow":"follow","max-snippet":"max-snippet:-1","max-image-preview":"max-image-preview:large","max-video-preview":"max-video-preview:-1"},"canonical":"https:\/\/tramwaygatineauottawa.ca\/en\/trace\/allumettieres_a-tache\/","og_locale":"en_US","og_type":"article","og_title":"Allumetti\u00e8res vs Alexandre-Tach\u00e9 - Gatineau-Ottawa tram","og_description":"Why run the tram along boulevard Alexandre-Tach\u00e9\/Lucerne instead of boulevard des Allumetti\u00e8res? Allumetti\u00e8res vs Alexandre-Tach\u00e9 The complementary study demonstrated that chemin d\u2019Aylmer and boulevard Alexandre-Tach\u00e9\/Lucerne and boulevard du Plateau are the axes most conducive to attracting a large number of users to link Gatineau\u2019s west end to the two downtowns\u2019 activity hubs. The tram\u2019s insertion would also provide the opportunity to redesign the public space along the circuit so as to create an environment amenable to all transportation modes, in particular the active modes. A tram running along boulevard des Allumetti\u00e8res would be too far from the living environments in the [&hellip;]","og_url":"https:\/\/tramwaygatineauottawa.ca\/en\/trace\/allumettieres_a-tache\/","og_site_name":"Tramway Gatineau-Ottawa","article_publisher":"https:\/\/www.facebook.com\/Tramway-Gatineau-Ottawa-108250335274458","article_modified_time":"2025-10-29T19:20:01+00:00","og_image":[{"width":2560,"height":1703,"url":"https:\/\/tramwaygatineauottawa.ca\/wp-content\/uploads\/2023\/01\/kp-220608-STO-tram-018-scaled.jpg","type":"image\/jpeg"}],"twitter_card":"summary_large_image","twitter_misc":{"Est. reading time":"3 minutes"},"schema":{"@context":"https:\/\/schema.org","@graph":[{"@type":"WebPage","@id":"https:\/\/tramwaygatineauottawa.ca\/en\/trace\/allumettieres_a-tache\/","url":"https:\/\/tramwaygatineauottawa.ca\/en\/trace\/allumettieres_a-tache\/","name":"Allumetti\u00e8res vs Alexandre-Tach\u00e9 - Gatineau-Ottawa tram","isPartOf":{"@id":"https:\/\/tramwaygatineauottawa.ca\/en\/#website"},"primaryImageOfPage":{"@id":"https:\/\/tramwaygatineauottawa.ca\/en\/trace\/allumettieres_a-tache\/#primaryimage"},"image":{"@id":"https:\/\/tramwaygatineauottawa.ca\/en\/trace\/allumettieres_a-tache\/#primaryimage"},"thumbnailUrl":"https:\/\/tramwaygatineauottawa.ca\/wp-content\/uploads\/2023\/01\/kp-220608-STO-tram-018-scaled.jpg","datePublished":"2023-01-23T20:54:15+00:00","dateModified":"2025-10-29T19:20:01+00:00","breadcrumb":{"@id":"https:\/\/tramwaygatineauottawa.ca\/en\/trace\/allumettieres_a-tache\/#breadcrumb"},"inLanguage":"en-CA","potentialAction":[{"@type":"ReadAction","target":["https:\/\/tramwaygatineauottawa.ca\/en\/trace\/allumettieres_a-tache\/"]}]},{"@type":"ImageObject","inLanguage":"en-CA","@id":"https:\/\/tramwaygatineauottawa.ca\/en\/trace\/allumettieres_a-tache\/#primaryimage","url":"https:\/\/tramwaygatineauottawa.ca\/wp-content\/uploads\/2023\/01\/kp-220608-STO-tram-018-scaled.jpg","contentUrl":"https:\/\/tramwaygatineauottawa.ca\/wp-content\/uploads\/2023\/01\/kp-220608-STO-tram-018-scaled.jpg"},{"@type":"BreadcrumbList","@id":"https:\/\/tramwaygatineauottawa.ca\/en\/trace\/allumettieres_a-tache\/#breadcrumb","itemListElement":[{"@type":"ListItem","position":1,"name":"Accueil","item":"https:\/\/tramwaygatineauottawa.ca\/en\/"},{"@type":"ListItem","position":2,"name":"Circuit","item":"https:\/\/tramwaygatineauottawa.ca\/en\/trace\/"},{"@type":"ListItem","position":3,"name":"Allumetti\u00e8res vs Alexandre-Tach\u00e9"}]},{"@type":"WebSite","@id":"https:\/\/tramwaygatineauottawa.ca\/en\/#website","url":"https:\/\/tramwaygatineauottawa.ca\/en\/","name":"Tramway Gatineau-Ottawa","description":"","publisher":{"@id":"https:\/\/tramwaygatineauottawa.ca\/en\/#organization"},"potentialAction":[{"@type":"SearchAction","target":{"@type":"EntryPoint","urlTemplate":"https:\/\/tramwaygatineauottawa.ca\/en\/?s={search_term_string}"},"query-input":{"@type":"PropertyValueSpecification","valueRequired":true,"valueName":"search_term_string"}}],"inLanguage":"en-CA"},{"@type":"Organization","@id":"https:\/\/tramwaygatineauottawa.ca\/en\/#organization","name":"Tramway Gatineau-Ottawa","url":"https:\/\/tramwaygatineauottawa.ca\/en\/","logo":{"@type":"ImageObject","inLanguage":"en-CA","@id":"https:\/\/tramwaygatineauottawa.ca\/en\/#\/schema\/logo\/image\/","url":"https:\/\/tramwaygatineauottawa.ca\/wp-content\/uploads\/2022\/06\/Logo.svg","contentUrl":"https:\/\/tramwaygatineauottawa.ca\/wp-content\/uploads\/2022\/06\/Logo.svg","caption":"Tramway Gatineau-Ottawa"},"image":{"@id":"https:\/\/tramwaygatineauottawa.ca\/en\/#\/schema\/logo\/image\/"},"sameAs":["https:\/\/www.facebook.com\/Tramway-Gatineau-Ottawa-108250335274458","https:\/\/www.youtube.com\/channel\/UCG-j155C6UYBLFRQM2dieKQ","https:\/\/www.linkedin.com\/company\/tramwaygatineauottawa"]}]}},"jetpack_sharing_enabled":true,"publishpress_future_action":{"enabled":false,"date":"2026-05-05 07:19:04","action":"change-status","newStatus":"draft","terms":[],"taxonomy":"translation_priority","extraData":[]},"publishpress_future_workflow_manual_trigger":{"enabledWorkflows":[]},"_links":{"self":[{"href":"https:\/\/tramwaygatineauottawa.ca\/en\/wp-json\/wp\/v2\/pages\/3905","targetHints":{"allow":["GET"]}}],"collection":[{"href":"https:\/\/tramwaygatineauottawa.ca\/en\/wp-json\/wp\/v2\/pages"}],"about":[{"href":"https:\/\/tramwaygatineauottawa.ca\/en\/wp-json\/wp\/v2\/types\/page"}],"author":[{"embeddable":true,"href":"https:\/\/tramwaygatineauottawa.ca\/en\/wp-json\/wp\/v2\/users\/5"}],"replies":[{"embeddable":true,"href":"https:\/\/tramwaygatineauottawa.ca\/en\/wp-json\/wp\/v2\/comments?post=3905"}],"version-history":[{"count":3,"href":"https:\/\/tramwaygatineauottawa.ca\/en\/wp-json\/wp\/v2\/pages\/3905\/revisions"}],"predecessor-version":[{"id":6088,"href":"https:\/\/tramwaygatineauottawa.ca\/en\/wp-json\/wp\/v2\/pages\/3905\/revisions\/6088"}],"up":[{"embeddable":true,"href":"https:\/\/tramwaygatineauottawa.ca\/en\/wp-json\/wp\/v2\/pages\/3910"}],"wp:attachment":[{"href":"https:\/\/tramwaygatineauottawa.ca\/en\/wp-json\/wp\/v2\/media?parent=3905"}],"curies":[{"name":"wp","href":"https:\/\/api.w.org\/{rel}","templated":true}]}}